{"id":30347,"date":"2020-03-11T12:10:28","date_gmt":"2020-03-11T11:10:28","guid":{"rendered":"https:\/\/all.myrealestate.io\/propriete-etat-onglets\/"},"modified":"2025-04-25T18:22:40","modified_gmt":"2025-04-25T16:22:40","slug":"propriete-etat-onglets","status":"publish","type":"page","link":"https:\/\/all.myrealestate.io\/fr\/propriete-etat-onglets\/","title":{"rendered":"Propri\u00e9t\u00e9 \u00c9tat Onglets"},"content":{"rendered":"\t\t<div data-elementor-type=\"wp-page\" data-elementor-id=\"30347\" class=\"elementor elementor-30347 elementor-16243\">\n\t\t\t\t\t\t<section class=\"elementor-section elementor-top-section elementor-element elementor-element-3012347f elementor-section-boxed elementor-section-height-default elementor-section-height-default\" data-id=\"3012347f\" data-element_type=\"section\" data-e-type=\"section\">\n\t\t\t\t\t\t<div class=\"elementor-container elementor-column-gap-default\">\n\t\t\t\t\t<div class=\"elementor-column elementor-col-100 elementor-top-column elementor-element elementor-element-2037a253\" data-id=\"2037a253\" data-element_type=\"column\" data-e-type=\"column\">\n\t\t\t<div class=\"elementor-widget-wrap elementor-element-populated\">\n\t\t\t\t\t\t<div class=\"elementor-element elementor-element-5e58fb9c elementor-widget elementor-widget-houzez_elementor_page_title\" data-id=\"5e58fb9c\" data-element_type=\"widget\" data-e-type=\"widget\" data-widget_type=\"houzez_elementor_page_title.default\">\n\t\t\t\t<div class=\"elementor-widget-container\">\n\t\t\t\t\t\n<div class=\"breadcrumb-wrap\" role=\"navigation\">\n\t<nav>\n\t\t<ol class=\"breadcrumb\"><li class=\"breadcrumb-item breadcrumb-item-home\"><i class=\"houzez-icon icon-house\"><\/i><a href=\"https:\/\/all.myrealestate.io\/fr\/\/\">Accueil<\/a><\/li><li class=\"breadcrumb-item active\">Pages<\/li><\/ol>\t<\/nav>\n<\/div><!-- breadcrumb-wrap --> \n        <div class=\"d-flex align-items-center\">\n            <div class=\"page-title flex-grow-1\" role=\"heading\" aria-level=\"1\">\n\t<h1>Propri\u00e9t\u00e9 \u00c9tat Onglets<\/h1>\n<\/div><!-- page-title -->\n \n        <\/div><!-- d-flex -->  \n        \t\t\t\t<\/div>\n\t\t\t\t<\/div>\n\t\t\t\t\t<\/div>\n\t\t<\/div>\n\t\t\t\t\t<\/div>\n\t\t<\/section>\n\t\t\t\t<section class=\"elementor-section elementor-top-section elementor-element elementor-element-40b989b2 elementor-section-boxed elementor-section-height-default elementor-section-height-default\" data-id=\"40b989b2\" data-element_type=\"section\" data-e-type=\"section\">\n\t\t\t\t\t\t<div class=\"elementor-container elementor-column-gap-default\">\n\t\t\t\t\t<div class=\"elementor-column elementor-col-33 elementor-top-column elementor-element elementor-element-4718fd5f\" data-id=\"4718fd5f\" data-element_type=\"column\" data-e-type=\"column\">\n\t\t\t<div class=\"elementor-widget-wrap elementor-element-populated\">\n\t\t\t\t\t\t<div class=\"elementor-element elementor-element-4058a359 elementor-widget elementor-widget-houzez_elementor_listings_tabs\" data-id=\"4058a359\" data-element_type=\"widget\" data-e-type=\"widget\" data-widget_type=\"houzez_elementor_listings_tabs.default\">\n\t\t\t\t<div class=\"elementor-widget-container\">\n\t\t\t\t\t\n        <div id=\"houzez-listings-tabs-wrap\" class=\"listing-tabs flex-grow-1\">\n            \n            <ul class=\"nav nav-tabs \">\n                \n                                <li class=\"nav-item\">\n                    <a class=\"nav-link active\" href=\"https:\/\/all.myrealestate.io\/fr\/propriete-etat-onglets\/\">\n                        Tout                    <\/a>\n                <\/li>\n                \n                \n                <li class=\"nav-item\">\n                                <a class=\"nav-link \" href=\"https:\/\/all.myrealestate.io\/fr\/propriete-etat-onglets\/?tab=for-rent&#038;tax=property_status\">\n                                    \u00c0 louer\n                                <\/a>\n                            <\/li><li class=\"nav-item\">\n                                <a class=\"nav-link \" href=\"https:\/\/all.myrealestate.io\/fr\/propriete-etat-onglets\/?tab=for-sale&#038;tax=property_status\">\n                                    For Sale\n                                <\/a>\n                            <\/li>                \n\n            <\/ul><!-- nav-tabs -->\n                \n        <\/div><!-- listing-tabs -->\n\n    \n    \t\t\t\t<\/div>\n\t\t\t\t<\/div>\n\t\t\t\t\t<\/div>\n\t\t<\/div>\n\t\t\t\t<div class=\"elementor-column elementor-col-66 elementor-top-column elementor-element elementor-element-17e7b60f\" data-id=\"17e7b60f\" data-element_type=\"column\" data-e-type=\"column\">\n\t\t\t<div class=\"elementor-widget-wrap elementor-element-populated\">\n\t\t\t\t\t\t<div class=\"elementor-element elementor-element-46a42747 elementor-widget elementor-widget-houzez_elementor_sort_by\" data-id=\"46a42747\" data-element_type=\"widget\" data-e-type=\"widget\" data-widget_type=\"houzez_elementor_sort_by.default\">\n\t\t\t\t<div class=\"elementor-widget-container\">\n\t\t\t\t\t        <div class=\"sort-by\">\n            <div class=\"d-flex align-items-center\">\n                <div class=\"sort-by-title\">\n                    Classer par :                <\/div><!-- sort-by-title -->  \n                <select id=\"sort_properties\" class=\"selectpicker form-control bs-select-hidden\" title=\"Ordre par d\u00e9faut\" data-live-search=\"false\" data-dropdown-align-right=\"auto\">\n                    <option value=\"\">Ordre par d\u00e9faut<\/option>\n                    <option  value=\"a_price\">Price - Low to High<\/option>\n                    <option  value=\"d_price\">Price - High to Low<\/option>\n                    \n                    <option  value=\"featured_first\">Featured Listings First<\/option>\n                    \n                    <option  value=\"a_date\">Date - Old to New<\/option>\n                    <option  value=\"d_date\">Date - New to Old<\/option>\n                <\/select><!-- selectpicker -->\n            <\/div><!-- d-flex -->\n        <\/div><!-- sort-by -->\n        \t\t\t\t<\/div>\n\t\t\t\t<\/div>\n\t\t\t\t\t<\/div>\n\t\t<\/div>\n\t\t\t\t\t<\/div>\n\t\t<\/section>\n\t\t\t\t<section class=\"elementor-section elementor-top-section elementor-element elementor-element-8bf39e8 elementor-section-boxed elementor-section-height-default elementor-section-height-default\" data-id=\"8bf39e8\" data-element_type=\"section\" data-e-type=\"section\">\n\t\t\t\t\t\t<div class=\"elementor-container elementor-column-gap-default\">\n\t\t\t\t\t<div class=\"elementor-column elementor-col-100 elementor-top-column elementor-element elementor-element-7e84139f\" data-id=\"7e84139f\" data-element_type=\"column\" data-e-type=\"column\">\n\t\t\t<div class=\"elementor-widget-wrap elementor-element-populated\">\n\t\t\t\t\t\t<div class=\"elementor-element elementor-element-6ab213fa elementor-widget elementor-widget-houzez_elementor_property-card-v1\" data-id=\"6ab213fa\" data-element_type=\"widget\" data-e-type=\"widget\" data-widget_type=\"houzez_elementor_property-card-v1.default\">\n\t\t\t\t<div class=\"elementor-widget-container\">\n\t\t\t\t\t    <div id=\"properties_module_section\" class=\"property-cards-module property-cards-module-v1 property-cards-module-col-3\">\n        <div id=\"module_properties\" class=\"listing-view grid-view row row-cols-1 row-cols-md-2 row-cols-lg-3 gy-4 gx-4\">\n            <div class=\"item-listing-wrap item-wrap-v1 hz-item-gallery-js hz-map-trigger\" data-hz-id=\"30496\" data-images=\"[{&quot;image&quot;:&quot;https:\\\/\\\/all.myrealestate.io\\\/wp-content\\\/uploads\\\/2025\\\/07\\\/3-grand-rue_CH-2345_Les-Breuleux-IMG_0279-584x438.jpeg&quot;,&quot;alt&quot;:&quot;&quot;,&quot;width&quot;:584,&quot;height&quot;:438,&quot;srcset&quot;:&quot;https:\\\/\\\/all.myrealestate.io\\\/wp-content\\\/uploads\\\/2025\\\/07\\\/3-grand-rue_CH-2345_Les-Breuleux-IMG_0279-584x438.jpeg 584w, https:\\\/\\\/all.myrealestate.io\\\/wp-content\\\/uploads\\\/2025\\\/07\\\/3-grand-rue_CH-2345_Les-Breuleux-IMG_0279-1536x1152.jpeg 1536w, https:\\\/\\\/all.myrealestate.io\\\/wp-content\\\/uploads\\\/2025\\\/07\\\/3-grand-rue_CH-2345_Les-Breuleux-IMG_0279-610x458.jpeg 610w, https:\\\/\\\/all.myrealestate.io\\\/wp-content\\\/uploads\\\/2025\\\/07\\\/3-grand-rue_CH-2345_Les-Breuleux-IMG_0279.jpeg 2048w&quot;,&quot;sizes&quot;:&quot;(max-width: 584px) 100vw, 584px&quot;},{&quot;image&quot;:&quot;https:\\\/\\\/all.myrealestate.io\\\/wp-content\\\/uploads\\\/2025\\\/07\\\/3-grand-rue_CH-2345_Les-Breuleux-IMG_0282-584x438.jpeg&quot;,&quot;alt&quot;:&quot;&quot;,&quot;width&quot;:584,&quot;height&quot;:438,&quot;srcset&quot;:&quot;https:\\\/\\\/all.myrealestate.io\\\/wp-content\\\/uploads\\\/2025\\\/07\\\/3-grand-rue_CH-2345_Les-Breuleux-IMG_0282-584x438.jpeg 584w, https:\\\/\\\/all.myrealestate.io\\\/wp-content\\\/uploads\\\/2025\\\/07\\\/3-grand-rue_CH-2345_Les-Breuleux-IMG_0282-1536x1152.jpeg 1536w, https:\\\/\\\/all.myrealestate.io\\\/wp-content\\\/uploads\\\/2025\\\/07\\\/3-grand-rue_CH-2345_Les-Breuleux-IMG_0282-610x458.jpeg 610w, https:\\\/\\\/all.myrealestate.io\\\/wp-content\\\/uploads\\\/2025\\\/07\\\/3-grand-rue_CH-2345_Les-Breuleux-IMG_0282.jpeg 2048w&quot;,&quot;sizes&quot;:&quot;(max-width: 584px) 100vw, 584px&quot;},{&quot;image&quot;:&quot;https:\\\/\\\/all.myrealestate.io\\\/wp-content\\\/uploads\\\/2025\\\/07\\\/3-grand-rue_CH-2345_Les-Breuleux-IMG_0287-584x438.jpeg&quot;,&quot;alt&quot;:&quot;&quot;,&quot;width&quot;:584,&quot;height&quot;:438,&quot;srcset&quot;:&quot;https:\\\/\\\/all.myrealestate.io\\\/wp-content\\\/uploads\\\/2025\\\/07\\\/3-grand-rue_CH-2345_Les-Breuleux-IMG_0287-584x438.jpeg 584w, https:\\\/\\\/all.myrealestate.io\\\/wp-content\\\/uploads\\\/2025\\\/07\\\/3-grand-rue_CH-2345_Les-Breuleux-IMG_0287-1536x1152.jpeg 1536w, https:\\\/\\\/all.myrealestate.io\\\/wp-content\\\/uploads\\\/2025\\\/07\\\/3-grand-rue_CH-2345_Les-Breuleux-IMG_0287-610x458.jpeg 610w, https:\\\/\\\/all.myrealestate.io\\\/wp-content\\\/uploads\\\/2025\\\/07\\\/3-grand-rue_CH-2345_Les-Breuleux-IMG_0287.jpeg 2048w&quot;,&quot;sizes&quot;:&quot;(max-width: 584px) 100vw, 584px&quot;},{&quot;image&quot;:&quot;https:\\\/\\\/all.myrealestate.io\\\/wp-content\\\/uploads\\\/2025\\\/07\\\/3-grand-rue_CH-2345_Les-Breuleux-IMG_0288-584x438.jpeg&quot;,&quot;alt&quot;:&quot;&quot;,&quot;width&quot;:584,&quot;height&quot;:438,&quot;srcset&quot;:&quot;https:\\\/\\\/all.myrealestate.io\\\/wp-content\\\/uploads\\\/2025\\\/07\\\/3-grand-rue_CH-2345_Les-Breuleux-IMG_0288-584x438.jpeg 584w, https:\\\/\\\/all.myrealestate.io\\\/wp-content\\\/uploads\\\/2025\\\/07\\\/3-grand-rue_CH-2345_Les-Breuleux-IMG_0288-1536x1152.jpeg 1536w, https:\\\/\\\/all.myrealestate.io\\\/wp-content\\\/uploads\\\/2025\\\/07\\\/3-grand-rue_CH-2345_Les-Breuleux-IMG_0288-610x458.jpeg 610w, https:\\\/\\\/all.myrealestate.io\\\/wp-content\\\/uploads\\\/2025\\\/07\\\/3-grand-rue_CH-2345_Les-Breuleux-IMG_0288.jpeg 2048w&quot;,&quot;sizes&quot;:&quot;(max-width: 584px) 100vw, 584px&quot;},{&quot;image&quot;:&quot;https:\\\/\\\/all.myrealestate.io\\\/wp-content\\\/uploads\\\/2025\\\/07\\\/3-grand-rue_CH-2345_Les-Breuleux-IMG_0295-584x438.jpeg&quot;,&quot;alt&quot;:&quot;&quot;,&quot;width&quot;:584,&quot;height&quot;:438,&quot;srcset&quot;:&quot;https:\\\/\\\/all.myrealestate.io\\\/wp-content\\\/uploads\\\/2025\\\/07\\\/3-grand-rue_CH-2345_Les-Breuleux-IMG_0295-584x438.jpeg 584w, https:\\\/\\\/all.myrealestate.io\\\/wp-content\\\/uploads\\\/2025\\\/07\\\/3-grand-rue_CH-2345_Les-Breuleux-IMG_0295-1536x1152.jpeg 1536w, https:\\\/\\\/all.myrealestate.io\\\/wp-content\\\/uploads\\\/2025\\\/07\\\/3-grand-rue_CH-2345_Les-Breuleux-IMG_0295-610x458.jpeg 610w, https:\\\/\\\/all.myrealestate.io\\\/wp-content\\\/uploads\\\/2025\\\/07\\\/3-grand-rue_CH-2345_Les-Breuleux-IMG_0295.jpeg 2048w&quot;,&quot;sizes&quot;:&quot;(max-width: 584px) 100vw, 584px&quot;},{&quot;image&quot;:&quot;https:\\\/\\\/all.myrealestate.io\\\/wp-content\\\/uploads\\\/2025\\\/07\\\/3-grand-rue_CH-2345_Les-Breuleux-IMG_0299-584x438.jpeg&quot;,&quot;alt&quot;:&quot;&quot;,&quot;width&quot;:584,&quot;height&quot;:438,&quot;srcset&quot;:&quot;https:\\\/\\\/all.myrealestate.io\\\/wp-content\\\/uploads\\\/2025\\\/07\\\/3-grand-rue_CH-2345_Les-Breuleux-IMG_0299-584x438.jpeg 584w, https:\\\/\\\/all.myrealestate.io\\\/wp-content\\\/uploads\\\/2025\\\/07\\\/3-grand-rue_CH-2345_Les-Breuleux-IMG_0299-1536x1152.jpeg 1536w, https:\\\/\\\/all.myrealestate.io\\\/wp-content\\\/uploads\\\/2025\\\/07\\\/3-grand-rue_CH-2345_Les-Breuleux-IMG_0299-610x458.jpeg 610w, https:\\\/\\\/all.myrealestate.io\\\/wp-content\\\/uploads\\\/2025\\\/07\\\/3-grand-rue_CH-2345_Les-Breuleux-IMG_0299.jpeg 2048w&quot;,&quot;sizes&quot;:&quot;(max-width: 584px) 100vw, 584px&quot;},{&quot;image&quot;:&quot;https:\\\/\\\/all.myrealestate.io\\\/wp-content\\\/uploads\\\/2025\\\/07\\\/3-grand-rue_CH-2345_Les-Breuleux-IMG_0300-584x438.jpeg&quot;,&quot;alt&quot;:&quot;&quot;,&quot;width&quot;:584,&quot;height&quot;:438,&quot;srcset&quot;:&quot;https:\\\/\\\/all.myrealestate.io\\\/wp-content\\\/uploads\\\/2025\\\/07\\\/3-grand-rue_CH-2345_Les-Breuleux-IMG_0300-584x438.jpeg 584w, https:\\\/\\\/all.myrealestate.io\\\/wp-content\\\/uploads\\\/2025\\\/07\\\/3-grand-rue_CH-2345_Les-Breuleux-IMG_0300-1536x1152.jpeg 1536w, https:\\\/\\\/all.myrealestate.io\\\/wp-content\\\/uploads\\\/2025\\\/07\\\/3-grand-rue_CH-2345_Les-Breuleux-IMG_0300-610x458.jpeg 610w, https:\\\/\\\/all.myrealestate.io\\\/wp-content\\\/uploads\\\/2025\\\/07\\\/3-grand-rue_CH-2345_Les-Breuleux-IMG_0300.jpeg 2048w&quot;,&quot;sizes&quot;:&quot;(max-width: 584px) 100vw, 584px&quot;},{&quot;image&quot;:&quot;https:\\\/\\\/all.myrealestate.io\\\/wp-content\\\/uploads\\\/2025\\\/07\\\/3-grand-rue_CH-2345_Les-Breuleux-IMG_0304-584x438.jpeg&quot;,&quot;alt&quot;:&quot;&quot;,&quot;width&quot;:584,&quot;height&quot;:438,&quot;srcset&quot;:&quot;https:\\\/\\\/all.myrealestate.io\\\/wp-content\\\/uploads\\\/2025\\\/07\\\/3-grand-rue_CH-2345_Les-Breuleux-IMG_0304-584x438.jpeg 584w, https:\\\/\\\/all.myrealestate.io\\\/wp-content\\\/uploads\\\/2025\\\/07\\\/3-grand-rue_CH-2345_Les-Breuleux-IMG_0304-1536x1152.jpeg 1536w, https:\\\/\\\/all.myrealestate.io\\\/wp-content\\\/uploads\\\/2025\\\/07\\\/3-grand-rue_CH-2345_Les-Breuleux-IMG_0304-610x458.jpeg 610w, https:\\\/\\\/all.myrealestate.io\\\/wp-content\\\/uploads\\\/2025\\\/07\\\/3-grand-rue_CH-2345_Les-Breuleux-IMG_0304.jpeg 2048w&quot;,&quot;sizes&quot;:&quot;(max-width: 584px) 100vw, 584px&quot;},{&quot;image&quot;:&quot;https:\\\/\\\/all.myrealestate.io\\\/wp-content\\\/uploads\\\/2025\\\/07\\\/3-grand-rue_CH-2345_Les-Breuleux-IMG_0308-584x438.jpeg&quot;,&quot;alt&quot;:&quot;&quot;,&quot;width&quot;:584,&quot;height&quot;:438,&quot;srcset&quot;:&quot;https:\\\/\\\/all.myrealestate.io\\\/wp-content\\\/uploads\\\/2025\\\/07\\\/3-grand-rue_CH-2345_Les-Breuleux-IMG_0308-584x438.jpeg 584w, https:\\\/\\\/all.myrealestate.io\\\/wp-content\\\/uploads\\\/2025\\\/07\\\/3-grand-rue_CH-2345_Les-Breuleux-IMG_0308-1536x1152.jpeg 1536w, https:\\\/\\\/all.myrealestate.io\\\/wp-content\\\/uploads\\\/2025\\\/07\\\/3-grand-rue_CH-2345_Les-Breuleux-IMG_0308-610x458.jpeg 610w, https:\\\/\\\/all.myrealestate.io\\\/wp-content\\\/uploads\\\/2025\\\/07\\\/3-grand-rue_CH-2345_Les-Breuleux-IMG_0308.jpeg 2048w&quot;,&quot;sizes&quot;:&quot;(max-width: 584px) 100vw, 584px&quot;}]\">\n\t<div class=\"item-wrap item-wrap-no-frame h-100\">\n\t\t<div class=\"d-flex flex-column align-items-center h-100\">\n\t\t\t<div class=\"item-header\">\n\t\t\t\t<span class=\"label-featured label me-1\" role=\"status\">Featured<\/span>\t\t\t\t<div class=\"labels-wrap d-flex align-items-center gap-1\" role=\"group\"> \n\n\t<a href=\"https:\/\/all.myrealestate.io\/fr\/status\/a-louer\/\" class=\"label-status label status-color-20877\">\n\t\t\t\t\t\u00c0 louer\n\t\t\t\t<\/a>       \n\n<\/div>\n\t\t\t\t<ul class=\"item-price-wrap d-flex flex-column gap-2\" role=\"list\">\n\t<li class=\"item-price\"><span class=\"price\">CHF 700.00<\/span><span class=\"price-postfix\"> \/ Mensuel<\/span><\/li><\/ul>\t\t\t\t<ul class=\"item-tools d-flex align-items-center justify-content-center gap-1\">\n        <li class=\"item-tool item-preview\">\n        <span class=\"hz-show-lightbox-js item-tool-preview text-center\" data-listid=\"30496\">\n            <span data-bs-toggle=\"tooltip\" data-bs-placement=\"top\" title=\"Preview\">\n                <i class=\"houzez-icon icon-expand-3\"><\/i>   \n            <\/span>\n        <\/span><!-- item-tool-favorite -->\n    <\/li><!-- item-tool -->\n        \n        <li class=\"item-tool item-favorite\">\n        <span class=\"add-favorite-js item-tool-favorite text-center\" data-bs-toggle=\"tooltip\" data-bs-placement=\"top\" title=\"Favourite\" data-listid=\"30496\">\n            <i class=\"houzez-icon icon-love-it \"><\/i>\n        <\/span><!-- item-tool-favorite -->\n    <\/li><!-- item-tool -->\n    \n        <li class=\"item-tool item-compare\">\n        <span class=\"houzez_compare compare-30496 item-tool-compare text-center\" data-bs-toggle=\"tooltip\" data-bs-placement=\"top\" title=\"Add to Compare\" data-listing_id=\"30496\" data-listing_image=\"https:\/\/all.myrealestate.io\/wp-content\/themes\/houzez\/img\/placeholder.png\">\n            <i class=\"houzez-icon icon-add-circle\"><\/i>\n            <!-- <i class=\"houzez-icon icon-subtract-circle\"><\/i> -->\n        <\/span><!-- item-tool-compare -->\n    <\/li><!-- item-tool -->\n    <\/ul><!-- item-tools -->\n\t\t\t\t<div class=\"listing-image-wrap\">\n\t<div class=\"listing-thumb\">\n\t\t<a target=\"_self\" href=\"https:\/\/all.myrealestate.io\/fr\/property\/appartement-au-rez-de-chaussee-avec-petit-jardin\/\" class=\"listing-featured-thumb hover-effect image-wrap\" role=\"link\">\n\t\t\t<img decoding=\"async\" class=\"img-fluid\" src=\"https:\/\/all.myrealestate.io\/wp-content\/themes\/houzez\/img\/placeholder.png\" alt=\"Appartement au rez-de-chauss\u00e9e avec petit jardin\">\t\t<\/a><!-- hover-effect -->\n\t<\/div>\n<\/div>\t\t\t\t<div class=\"preview_loader\"><\/div>\n\t\t\t<\/div>\n\t\t\t<div class=\"item-body w-100 flex-grow-1\">\n\t\t\t\t<h2 class=\"item-title mb-2 \">\n\t<a target=\"_self\" href=\"https:\/\/all.myrealestate.io\/fr\/property\/appartement-au-rez-de-chaussee-avec-petit-jardin\/\" role=\"link\">Appartement au rez-de-chauss\u00e9e avec petit jardin<\/a>\n<\/h2><!-- item-title -->\t\t\t\t<address class=\"item-address mb-2\"><i class=\"houzez-icon icon-pin me-1\" aria-hidden=\"true\"><\/i><span>3, Grand'Rue, Esserts, Les Breuleux, District des Franches-Montagnes, Jura, 2345, Schweiz\/Suisse\/Svizzera\/Svizra<\/span><\/address>\t\t\t\t\t\t\t\t<ul class=\"item-amenities d-flex flex-wrap align-items-center gap-2 mb-2 item-amenities-with-icons\" role=\"list\">\n\t<li class=\"h-beds d-flex align-items-center me-1\"><i class=\"houzez-icon icon-hotel-double-bed-1 me-2\"><\/i><span class=\"item-amenities-text\">Bed:<\/span> <span class=\"hz-figure\">1<\/span><\/li><li class=\"h-baths d-flex align-items-center me-1\"><i class=\"houzez-icon icon-bathroom-shower-1 me-2\"><\/i><span class=\"item-amenities-text\">Bath:<\/span> <span class=\"hz-figure\">1<\/span><\/li><li class=\"h-area d-flex align-items-center me-1\"><i class=\"houzez-icon icon-ruler-triangle me-2\"><\/i><span class=\"hz-figure me-1\">45<\/span> <span class=\"hz-figure area_postfix\">m\u00b2<\/span><\/li><li class=\"h-type d-flex w-100\" role=\"listitem\"><span>Appartement<\/span><\/li><\/ul>\t\t\t\t\t\t\t<\/div>\n\t\t\t\t\t<\/div>\n\t<\/div>\n<\/div>        <\/div><!-- listing-view -->\n\n            <\/div><!-- property-grid-module -->\n    \t\t\t\t<\/div>\n\t\t\t\t<\/div>\n\t\t\t\t\t<\/div>\n\t\t<\/div>\n\t\t\t\t\t<\/div>\n\t\t<\/section>\n\t\t\t\t<\/div>\n\t\t","protected":false},"excerpt":{"rendered":"<p>Home All For Rent For Sale Classer par : Default OrderPrice &#8211; Low to HighPrice &#8211; High to LowFeatured Listings FirstDate &#8211; Old to NewDate &#8211; New to Old Featured For Sale CHF540&#8217;000.00 CHF3&#8217;700.00\/sq ft For Sale Renovated studio &#8211; sample CHF540&#8217;000.00 CHF3&#8217;700.00\/sq ft 194 Mercer Street, 627 Broadway, New York, NY 10012, USA Beds: [&hellip;]<\/p>\n","protected":false},"author":1,"featured_media":0,"parent":0,"menu_order":0,"comment_status":"closed","ping_status":"closed","template":"template\/template-homepage.php","meta":{"footnotes":""},"class_list":["post-30347","page","type-page","status-publish","hentry"],"_links":{"self":[{"href":"https:\/\/all.myrealestate.io\/fr\/wp-json\/wp\/v2\/pages\/30347","targetHints":{"allow":["GET"]}}],"collection":[{"href":"https:\/\/all.myrealestate.io\/fr\/wp-json\/wp\/v2\/pages"}],"about":[{"href":"https:\/\/all.myrealestate.io\/fr\/wp-json\/wp\/v2\/types\/page"}],"author":[{"embeddable":true,"href":"https:\/\/all.myrealestate.io\/fr\/wp-json\/wp\/v2\/users\/1"}],"replies":[{"embeddable":true,"href":"https:\/\/all.myrealestate.io\/fr\/wp-json\/wp\/v2\/comments?post=30347"}],"version-history":[{"count":1,"href":"https:\/\/all.myrealestate.io\/fr\/wp-json\/wp\/v2\/pages\/30347\/revisions"}],"predecessor-version":[{"id":30348,"href":"https:\/\/all.myrealestate.io\/fr\/wp-json\/wp\/v2\/pages\/30347\/revisions\/30348"}],"wp:attachment":[{"href":"https:\/\/all.myrealestate.io\/fr\/wp-json\/wp\/v2\/media?parent=30347"}],"curies":[{"name":"wp","href":"https:\/\/api.w.org\/{rel}","templated":true}]}}